{"id":1847,"date":"2024-02-01T11:39:12","date_gmt":"2024-02-01T10:39:12","guid":{"rendered":"https:\/\/coleccion.ostatu.com\/?page_id=1847"},"modified":"2024-02-02T11:49:22","modified_gmt":"2024-02-02T10:49:22","slug":"aviso-legal","status":"publish","type":"page","link":"https:\/\/coleccion.ostatu.com\/en\/aviso-legal\/","title":{"rendered":"Aviso Legal"},"content":{"rendered":"\t\t<div data-elementor-type=\"wp-page\" data-elementor-id=\"1847\" class=\"elementor elementor-1847\">\n\t\t\t\t\t\t<section class=\"elementor-section elementor-top-section elementor-element elementor-element-bf033ba elementor-section-boxed elementor-section-height-default elementor-section-height-default\" data-id=\"bf033ba\" data-element_type=\"section\" data-e-type=\"section\">\n\t\t\t\t\t\t<div class=\"elementor-container elementor-column-gap-default\">\n\t\t\t\t\t<div class=\"elementor-column elementor-col-100 elementor-top-column elementor-element elementor-element-2aff515 post-content\" data-id=\"2aff515\" data-element_type=\"column\" data-e-type=\"column\">\n\t\t\t<div class=\"elementor-widget-wrap elementor-element-populated\">\n\t\t\t\t\t\t<section class=\"elementor-section elementor-inner-section elementor-element elementor-element-5fa73f8 elementor-section-full_width elementor-section-height-default elementor-section-height-default\" data-id=\"5fa73f8\" data-element_type=\"section\" data-e-type=\"section\">\n\t\t\t\t\t\t<div class=\"elementor-container elementor-column-gap-default\">\n\t\t\t\t\t<div class=\"elementor-column elementor-col-100 elementor-inner-column elementor-element elementor-element-0cca9ae post-col-1\" data-id=\"0cca9ae\" data-element_type=\"column\" data-e-type=\"column\">\n\t\t\t<div class=\"elementor-widget-wrap elementor-element-populated\">\n\t\t\t\t\t\t<div class=\"elementor-element elementor-element-d1e988c elementor-widget elementor-widget-image\" data-id=\"d1e988c\" data-element_type=\"widget\" data-e-type=\"widget\" data-widget_type=\"image.default\">\n\t\t\t\t<div class=\"elementor-widget-container\">\n\t\t\t\t\t\t\t\t\t\t\t\t\t\t\t\t<a href=\"https:\/\/coleccion.ostatu.com\/\">\n\t\t\t\t\t\t\t<img decoding=\"async\" width=\"199\" height=\"116\" src=\"https:\/\/coleccion.ostatu.com\/wp-content\/uploads\/2024\/02\/Logo-Ostatu_Vertical_Color_F.jpg\" class=\"attachment-large size-large wp-image-2280\" alt=\"\" \/>\t\t\t\t\t\t\t\t<\/a>\n\t\t\t\t\t\t\t\t\t\t\t\t\t\t\t<\/div>\n\t\t\t\t<\/div>\n\t\t\t\t\t<\/div>\n\t\t<\/div>\n\t\t\t\t\t<\/div>\n\t\t<\/section>\n\t\t\t\t\t<\/div>\n\t\t<\/div>\n\t\t\t\t\t<\/div>\n\t\t<\/section>\n\t\t\t\t<section class=\"elementor-section elementor-top-section elementor-element elementor-element-7f53cbe4 elementor-section-boxed elementor-section-height-default elementor-section-height-default\" data-id=\"7f53cbe4\" data-element_type=\"section\" data-e-type=\"section\">\n\t\t\t\t\t\t<div class=\"elementor-container elementor-column-gap-default\">\n\t\t\t\t\t<div class=\"elementor-column elementor-col-100 elementor-top-column elementor-element elementor-element-49526d3\" data-id=\"49526d3\" data-element_type=\"column\" data-e-type=\"column\">\n\t\t\t<div class=\"elementor-widget-wrap elementor-element-populated\">\n\t\t\t\t\t\t<div class=\"elementor-element elementor-element-54e1314f elementor-widget elementor-widget-text-editor\" data-id=\"54e1314f\" data-element_type=\"widget\" data-e-type=\"widget\" data-widget_type=\"text-editor.default\">\n\t\t\t\t<div class=\"elementor-widget-container\">\n\t\t\t\t\t\t\t\t\t\n<h2 class=\"wp-block-heading\">Derecho de Informaci\u00f3n<\/h2>\n\n\n\n<p>Si el usuario decide registrarse en el sitio web, se solicitar\u00e1n los datos estrictamente necesarios para la consecuci\u00f3n de los fines y finalidades a los que est\u00e1 destinado el sitio web. Tras el proceso de alta y registro, el cliente tiene acceso a una serie de servicios y herramientas para la gesti\u00f3n de informaci\u00f3n para su inter\u00e9s.<\/p>\n\n\n\n<p>A tales efectos se requiere que los usuarios cumplimenten un formulario electr\u00f3nico, lo cual conlleva facilitar datos de car\u00e1cter personal necesarios para las funciones y finalidades descritas. El tratamiento de los datos de los candidatos est\u00e1 enfocado \u00fanicamente a la consecuci\u00f3n de estos fines. Respetando el cumplimiento de lo establecido en la Ley Org\u00e1nica 15\/1999, de 13 de diciembre, de Protecci\u00f3n de Datos de Car\u00e1cter Personal le informamos que los datos personales quedar\u00e1n incorporados en un fichero y ser\u00e1n tratados con el fin de poder prestar y ofrecer servicios del inter\u00e9s del usuario por parte de la empresa y sus asociados y as\u00ed como para informarle de las mejoras del sitio Web.<\/p>\n\n\n\n<p>Los datos recabados son los adecuados, pertinentes y no excesivos en relaci\u00f3n con el \u00e1mbito, las finalidades y servicios que se prestan.<\/p>\n\n\n\n<p>Se han adoptado las medidas de \u00edndole t\u00e9cnica y organizativas que garantizan la seguridad de los datos de car\u00e1cter personal y eviten su alteraci\u00f3n, p\u00e9rdida, tratamiento o acceso no autorizado, habida cuenta del estado de la tecnolog\u00eda, la naturaleza de los datos almacenados y los riesgos a que est\u00e9n expuestos.<\/p>\n\n\n\n<h2 class=\"wp-block-heading\">Consentimiento del Usuario<\/h2>\n\n\n\n<p>Al pulsar en el formulario de Alta &#8220;REGISTRAR&#8221; el usuario da su consentimiento inequ\u00edvoco y expreso al tratamiento de sus datos personales conforme a las finalidades y servicios que se prestan.<\/p>\n\n\n\n<h2 class=\"wp-block-heading\">Servicio de comunicaciones electr\u00f3nicas<\/h2>\n\n\n\n<p>Recepci\u00f3n autom\u00e1tica y gratuita de ofertas, novedades e informaci\u00f3n. El sitio web ofrece la posibilidad de conocer a trav\u00e9s de comunicaciones electr\u00f3nicas (correo electr\u00f3nico) de forma r\u00e1pida, personal y gratuita, informaci\u00f3n de inter\u00e9s relacionada con el sitio web.<\/p>\n\n\n\n<p>En este sentido, se insiste en el compromiso de uso responsable y confidencial de los datos, garantizando que estos se tratar\u00e1n de acuerdo con las exigencias legales, y que tan s\u00f3lo ser\u00e1n utilizados en el entorno delimitado.<\/p>\n\n\n\n<h2 class=\"wp-block-heading\">Derecho de Revocaci\u00f3n, Oposici\u00f3n, Acceso, Correcci\u00f3n, Actualizaci\u00f3n y Cancelaci\u00f3n de Datos<\/h2>\n\n\n\n<p>Respetando el cumplimiento de lo establecido en la Ley Org\u00e1nica 15\/1999, de 13 de diciembre, de Protecci\u00f3n de Datos de Car\u00e1cter Personal le informamos que los datos personales quedar\u00e1n incorporados en un fichero y ser\u00e1n tratados con el fin de poder prestar y ofrecer servicios del inter\u00e9s del usuario por parte de la empresa y sus asociados y as\u00ed como para informarle de las mejoras del sitio Web.<\/p>\n\n\n\n<p>El usuario tiene derecho a acceder a sus datos personales, a rectificarlos si los datos son err\u00f3neos y a darse de baja de los servicios de la web.<\/p>\n\n\n\n<p>As\u00ed, el usuario puede revocar su consentimiento en cualquier momento por causa justificada, pero no se podr\u00e1n atribuir efectos retroactivos.<\/p>\n\n\n\n<p>Estos derechos pueden hacerse efectivos mediante la propia configuraci\u00f3n de la p\u00e1gina web. En caso de problemas para la realizaci\u00f3n efectiva online as\u00ed como para cualquier tipo de duda o controversia respecto a nuestra pol\u00edtica de privacidad de datos se podr\u00e1n dirigir directamente a:<\/p>\n\n\n\n<h2 class=\"wp-block-heading\">Departamento de atenci\u00f3n al Cliente<\/h2>\n\n\n\n<p>Tel\u00e9fono, correo electr\u00f3nico o formulario de contacto proporcionados en el sitio web<\/p>\n\t\t\t\t\t\t\t\t<\/div>\n\t\t\t\t<\/div>\n\t\t\t\t\t<\/div>\n\t\t<\/div>\n\t\t\t\t\t<\/div>\n\t\t<\/section>\n\t\t\t\t<\/div>\n\t\t","protected":false},"excerpt":{"rendered":"<p>Derecho de Informaci\u00f3n Si el usuario decide registrarse en el sitio web, se solicitar\u00e1n los datos estrictamente necesarios para la consecuci\u00f3n de los fines y finalidades a los que est\u00e1 destinado el sitio web. Tras el proceso de alta y registro, el cliente tiene acceso a una serie de servicios y herramientas para la gesti\u00f3n [&hellip;]<\/p>\n","protected":false},"author":1,"featured_media":0,"parent":0,"menu_order":98,"comment_status":"closed","ping_status":"closed","template":"elementor_header_footer","meta":{"site-sidebar-layout":"default","site-content-layout":"","ast-site-content-layout":"","site-content-style":"default","site-sidebar-style":"default","ast-global-header-display":"","ast-banner-title-visibility":"","ast-main-header-display":"","ast-hfb-above-header-display":"","ast-hfb-below-header-display":"","ast-hfb-mobile-header-display":"","site-post-title":"","ast-breadcrumbs-content":"","ast-featured-img":"","footer-sml-layout":"","theme-transparent-header-meta":"","adv-header-id-meta":"","stick-header-meta":"","header-above-stick-meta":"","header-main-stick-meta":"","header-below-stick-meta":"","astra-migrate-meta-layouts":"default","ast-page-background-enabled":"default","ast-page-background-meta":{"desktop":{"background-color":"var(--ast-global-color-4)","background-image":"","background-repeat":"repeat","background-position":"center center","background-size":"auto","background-attachment":"scroll","background-type":"","background-media":"","overlay-type":"","overlay-color":"","overlay-gradient":""},"tablet":{"background-color":"","background-image":"","background-repeat":"repeat","background-position":"center center","background-size":"auto","background-attachment":"scroll","background-type":"","background-media":"","overlay-type":"","overlay-color":"","overlay-gradient":""},"mobile":{"background-color":"","background-image":"","background-repeat":"repeat","background-position":"center center","background-size":"auto","background-attachment":"scroll","background-type":"","background-media":"","overlay-type":"","overlay-color":"","overlay-gradient":""}},"ast-content-background-meta":{"desktop":{"background-color":"var(--ast-global-color-5)","background-image":"","background-repeat":"repeat","background-position":"center center","background-size":"auto","background-attachment":"scroll","background-type":"","background-media":"","overlay-type":"","overlay-color":"","overlay-gradient":""},"tablet":{"background-color":"var(--ast-global-color-5)","background-image":"","background-repeat":"repeat","background-position":"center center","background-size":"auto","background-attachment":"scroll","background-type":"","background-media":"","overlay-type":"","overlay-color":"","overlay-gradient":""},"mobile":{"background-color":"var(--ast-global-color-5)","background-image":"","background-repeat":"repeat","background-position":"center center","background-size":"auto","background-attachment":"scroll","background-type":"","background-media":"","overlay-type":"","overlay-color":"","overlay-gradient":""}},"footnotes":""},"class_list":["post-1847","page","type-page","status-publish","hentry"],"yoast_head":"<!-- This site is optimized with the Yoast SEO plugin v24.2 - https:\/\/yoast.com\/wordpress\/plugins\/seo\/ -->\n<title>Aviso Legal - Bodegas Ostatu - Vi\u00f1edos en Rioja Alavesa<\/title>\n<meta name=\"robots\" content=\"index, follow, max-snippet:-1, max-image-preview:large, max-video-preview:-1\" \/>\n<link rel=\"canonical\" href=\"https:\/\/coleccion.ostatu.com\/en\/aviso-legal\/\" \/>\n<meta property=\"og:locale\" content=\"en_US\" \/>\n<meta property=\"og:type\" content=\"article\" \/>\n<meta property=\"og:title\" content=\"Aviso Legal - Bodegas Ostatu - Vi\u00f1edos en Rioja Alavesa\" \/>\n<meta property=\"og:description\" content=\"Derecho de Informaci\u00f3n Si el usuario decide registrarse en el sitio web, se solicitar\u00e1n los datos estrictamente necesarios para la consecuci\u00f3n de los fines y finalidades a los que est\u00e1 destinado el sitio web. Tras el proceso de alta y registro, el cliente tiene acceso a una serie de servicios y herramientas para la gesti\u00f3n [&hellip;]\" \/>\n<meta property=\"og:url\" content=\"https:\/\/coleccion.ostatu.com\/en\/aviso-legal\/\" \/>\n<meta property=\"og:site_name\" content=\"Bodegas Ostatu - Vi\u00f1edos en Rioja Alavesa\" \/>\n<meta property=\"article:modified_time\" content=\"2024-02-02T10:49:22+00:00\" \/>\n<meta property=\"og:image\" content=\"https:\/\/coleccion.ostatu.com\/wp-content\/uploads\/2024\/02\/Logo-Ostatu_Vertical_Color_F.jpg\" \/>\n<meta name=\"twitter:card\" content=\"summary_large_image\" \/>\n<meta name=\"twitter:label1\" content=\"Est. reading time\" \/>\n\t<meta name=\"twitter:data1\" content=\"3 minutes\" \/>\n<script type=\"application\/ld+json\" class=\"yoast-schema-graph\">{\"@context\":\"https:\/\/schema.org\",\"@graph\":[{\"@type\":\"WebPage\",\"@id\":\"https:\/\/coleccion.ostatu.com\/en\/aviso-legal\/\",\"url\":\"https:\/\/coleccion.ostatu.com\/en\/aviso-legal\/\",\"name\":\"Aviso Legal - Bodegas Ostatu - Vi\u00f1edos en Rioja Alavesa\",\"isPartOf\":{\"@id\":\"https:\/\/coleccion.ostatu.com\/en\/#website\"},\"primaryImageOfPage\":{\"@id\":\"https:\/\/coleccion.ostatu.com\/en\/aviso-legal\/#primaryimage\"},\"image\":{\"@id\":\"https:\/\/coleccion.ostatu.com\/en\/aviso-legal\/#primaryimage\"},\"thumbnailUrl\":\"https:\/\/coleccion.ostatu.com\/wp-content\/uploads\/2024\/02\/Logo-Ostatu_Vertical_Color_F.jpg\",\"datePublished\":\"2024-02-01T10:39:12+00:00\",\"dateModified\":\"2024-02-02T10:49:22+00:00\",\"breadcrumb\":{\"@id\":\"https:\/\/coleccion.ostatu.com\/en\/aviso-legal\/#breadcrumb\"},\"inLanguage\":\"en-US\",\"potentialAction\":[{\"@type\":\"ReadAction\",\"target\":[\"https:\/\/coleccion.ostatu.com\/en\/aviso-legal\/\"]}]},{\"@type\":\"ImageObject\",\"inLanguage\":\"en-US\",\"@id\":\"https:\/\/coleccion.ostatu.com\/en\/aviso-legal\/#primaryimage\",\"url\":\"https:\/\/coleccion.ostatu.com\/wp-content\/uploads\/2024\/02\/Logo-Ostatu_Vertical_Color_F.jpg\",\"contentUrl\":\"https:\/\/coleccion.ostatu.com\/wp-content\/uploads\/2024\/02\/Logo-Ostatu_Vertical_Color_F.jpg\"},{\"@type\":\"BreadcrumbList\",\"@id\":\"https:\/\/coleccion.ostatu.com\/en\/aviso-legal\/#breadcrumb\",\"itemListElement\":[{\"@type\":\"ListItem\",\"position\":1,\"name\":\"Portada\",\"item\":\"https:\/\/coleccion.ostatu.com\/en\/\"},{\"@type\":\"ListItem\",\"position\":2,\"name\":\"Aviso Legal\"}]},{\"@type\":\"WebSite\",\"@id\":\"https:\/\/coleccion.ostatu.com\/en\/#website\",\"url\":\"https:\/\/coleccion.ostatu.com\/en\/\",\"name\":\"Bodegas Ostatu - Vi\u00f1edos en Rioja Alavesa\",\"description\":\"\",\"publisher\":{\"@id\":\"https:\/\/coleccion.ostatu.com\/en\/#organization\"},\"potentialAction\":[{\"@type\":\"SearchAction\",\"target\":{\"@type\":\"EntryPoint\",\"urlTemplate\":\"https:\/\/coleccion.ostatu.com\/en\/?s={search_term_string}\"},\"query-input\":{\"@type\":\"PropertyValueSpecification\",\"valueRequired\":true,\"valueName\":\"search_term_string\"}}],\"inLanguage\":\"en-US\"},{\"@type\":\"Organization\",\"@id\":\"https:\/\/coleccion.ostatu.com\/en\/#organization\",\"name\":\"Bodegas Ostatu - Vi\u00f1edos en Rioja Alavesa\",\"url\":\"https:\/\/coleccion.ostatu.com\/en\/\",\"logo\":{\"@type\":\"ImageObject\",\"inLanguage\":\"en-US\",\"@id\":\"https:\/\/coleccion.ostatu.com\/en\/#\/schema\/logo\/image\/\",\"url\":\"https:\/\/coleccion.ostatu.com\/wp-content\/uploads\/2024\/01\/logo.png\",\"contentUrl\":\"https:\/\/coleccion.ostatu.com\/wp-content\/uploads\/2024\/01\/logo.png\",\"width\":156,\"height\":40,\"caption\":\"Bodegas Ostatu - Vi\u00f1edos en Rioja Alavesa\"},\"image\":{\"@id\":\"https:\/\/coleccion.ostatu.com\/en\/#\/schema\/logo\/image\/\"}}]}<\/script>\n<!-- \/ Yoast SEO plugin. -->","yoast_head_json":{"title":"Aviso Legal - Bodegas Ostatu - Vi\u00f1edos en Rioja Alavesa","robots":{"index":"index","follow":"follow","max-snippet":"max-snippet:-1","max-image-preview":"max-image-preview:large","max-video-preview":"max-video-preview:-1"},"canonical":"https:\/\/coleccion.ostatu.com\/en\/aviso-legal\/","og_locale":"en_US","og_type":"article","og_title":"Aviso Legal - Bodegas Ostatu - Vi\u00f1edos en Rioja Alavesa","og_description":"Derecho de Informaci\u00f3n Si el usuario decide registrarse en el sitio web, se solicitar\u00e1n los datos estrictamente necesarios para la consecuci\u00f3n de los fines y finalidades a los que est\u00e1 destinado el sitio web. Tras el proceso de alta y registro, el cliente tiene acceso a una serie de servicios y herramientas para la gesti\u00f3n [&hellip;]","og_url":"https:\/\/coleccion.ostatu.com\/en\/aviso-legal\/","og_site_name":"Bodegas Ostatu - Vi\u00f1edos en Rioja Alavesa","article_modified_time":"2024-02-02T10:49:22+00:00","og_image":[{"url":"https:\/\/coleccion.ostatu.com\/wp-content\/uploads\/2024\/02\/Logo-Ostatu_Vertical_Color_F.jpg","type":"","width":"","height":""}],"twitter_card":"summary_large_image","twitter_misc":{"Est. reading time":"3 minutes"},"schema":{"@context":"https:\/\/schema.org","@graph":[{"@type":"WebPage","@id":"https:\/\/coleccion.ostatu.com\/en\/aviso-legal\/","url":"https:\/\/coleccion.ostatu.com\/en\/aviso-legal\/","name":"Aviso Legal - Bodegas Ostatu - Vi\u00f1edos en Rioja Alavesa","isPartOf":{"@id":"https:\/\/coleccion.ostatu.com\/en\/#website"},"primaryImageOfPage":{"@id":"https:\/\/coleccion.ostatu.com\/en\/aviso-legal\/#primaryimage"},"image":{"@id":"https:\/\/coleccion.ostatu.com\/en\/aviso-legal\/#primaryimage"},"thumbnailUrl":"https:\/\/coleccion.ostatu.com\/wp-content\/uploads\/2024\/02\/Logo-Ostatu_Vertical_Color_F.jpg","datePublished":"2024-02-01T10:39:12+00:00","dateModified":"2024-02-02T10:49:22+00:00","breadcrumb":{"@id":"https:\/\/coleccion.ostatu.com\/en\/aviso-legal\/#breadcrumb"},"inLanguage":"en-US","potentialAction":[{"@type":"ReadAction","target":["https:\/\/coleccion.ostatu.com\/en\/aviso-legal\/"]}]},{"@type":"ImageObject","inLanguage":"en-US","@id":"https:\/\/coleccion.ostatu.com\/en\/aviso-legal\/#primaryimage","url":"https:\/\/coleccion.ostatu.com\/wp-content\/uploads\/2024\/02\/Logo-Ostatu_Vertical_Color_F.jpg","contentUrl":"https:\/\/coleccion.ostatu.com\/wp-content\/uploads\/2024\/02\/Logo-Ostatu_Vertical_Color_F.jpg"},{"@type":"BreadcrumbList","@id":"https:\/\/coleccion.ostatu.com\/en\/aviso-legal\/#breadcrumb","itemListElement":[{"@type":"ListItem","position":1,"name":"Portada","item":"https:\/\/coleccion.ostatu.com\/en\/"},{"@type":"ListItem","position":2,"name":"Aviso Legal"}]},{"@type":"WebSite","@id":"https:\/\/coleccion.ostatu.com\/en\/#website","url":"https:\/\/coleccion.ostatu.com\/en\/","name":"Bodegas Ostatu - Vi\u00f1edos en Rioja Alavesa","description":"","publisher":{"@id":"https:\/\/coleccion.ostatu.com\/en\/#organization"},"potentialAction":[{"@type":"SearchAction","target":{"@type":"EntryPoint","urlTemplate":"https:\/\/coleccion.ostatu.com\/en\/?s={search_term_string}"},"query-input":{"@type":"PropertyValueSpecification","valueRequired":true,"valueName":"search_term_string"}}],"inLanguage":"en-US"},{"@type":"Organization","@id":"https:\/\/coleccion.ostatu.com\/en\/#organization","name":"Bodegas Ostatu - Vi\u00f1edos en Rioja Alavesa","url":"https:\/\/coleccion.ostatu.com\/en\/","logo":{"@type":"ImageObject","inLanguage":"en-US","@id":"https:\/\/coleccion.ostatu.com\/en\/#\/schema\/logo\/image\/","url":"https:\/\/coleccion.ostatu.com\/wp-content\/uploads\/2024\/01\/logo.png","contentUrl":"https:\/\/coleccion.ostatu.com\/wp-content\/uploads\/2024\/01\/logo.png","width":156,"height":40,"caption":"Bodegas Ostatu - Vi\u00f1edos en Rioja Alavesa"},"image":{"@id":"https:\/\/coleccion.ostatu.com\/en\/#\/schema\/logo\/image\/"}}]}},"_links":{"self":[{"href":"https:\/\/coleccion.ostatu.com\/en\/wp-json\/wp\/v2\/pages\/1847","targetHints":{"allow":["GET"]}}],"collection":[{"href":"https:\/\/coleccion.ostatu.com\/en\/wp-json\/wp\/v2\/pages"}],"about":[{"href":"https:\/\/coleccion.ostatu.com\/en\/wp-json\/wp\/v2\/types\/page"}],"author":[{"embeddable":true,"href":"https:\/\/coleccion.ostatu.com\/en\/wp-json\/wp\/v2\/users\/1"}],"replies":[{"embeddable":true,"href":"https:\/\/coleccion.ostatu.com\/en\/wp-json\/wp\/v2\/comments?post=1847"}],"version-history":[{"count":4,"href":"https:\/\/coleccion.ostatu.com\/en\/wp-json\/wp\/v2\/pages\/1847\/revisions"}],"predecessor-version":[{"id":2369,"href":"https:\/\/coleccion.ostatu.com\/en\/wp-json\/wp\/v2\/pages\/1847\/revisions\/2369"}],"wp:attachment":[{"href":"https:\/\/coleccion.ostatu.com\/en\/wp-json\/wp\/v2\/media?parent=1847"}],"curies":[{"name":"wp","href":"https:\/\/api.w.org\/{rel}","templated":true}]}}